{"id":22,"date":"2020-07-27T12:40:26","date_gmt":"2020-07-27T10:40:26","guid":{"rendered":"https:\/\/www.ma-part-du-web.com\/agence-arras\/?page_id=22"},"modified":"2024-07-10T08:55:43","modified_gmt":"2024-07-10T06:55:43","slug":"site-web","status":"publish","type":"page","link":"https:\/\/www.ma-part-du-web.com\/agence-arras\/","title":{"rendered":""},"content":{"rendered":"<p style=\"text-align: center;\"><style id=\"depicter-42-inline-pre-css\">\n\n\n<\/style>\n<div id=\"depicter-42\" class=\"depicter depicter-document depicter-revert depicter-42 depicter-layout-fullscreen\">\n\n<div class=\"depicter-loading-container depicter-loading dotFlashing-dark\"><div class=\"depicter-loading-dark depicter-dot-flashing\">\n   <span><\/span>\n   <span><\/span>\n   <span><\/span>\n<\/div>\n<\/div>\n\n<div class=\"depicter-overlay-layers\">\n<picture id=\"depicter-42-element-3\" class=\"depicter-element depicter-layer depicter-42-element-3\" data-type=\"image\" data-wrap=\"true\" data-name=\"Image 1\" data-local-id=\"element-3\" data-offset=\"x:-46px;y:-1px;origin:ml\" data-width=\"1292px,,\" data-height=\"701px,,\" data-responsive-scale=\"true,,\" data-crop=\"false\">\n<source data-depicter-srcset=\"https:\/\/www.ma-part-du-web.com\/agence-arras\/wp-content\/uploads\/2022\/10\/fond-1551x701.jpg, https:\/\/www.ma-part-du-web.com\/agence-arras\/wp-content\/uploads\/2022\/10\/fond-3102x1402.jpg 2x\" srcset=\"data:image\/gif;base64,R0lGODlhAQABAIAAAAAAAP\/\/\/yH5BAEAAAAALAAAAAABAAEAAAIBRAA7\" media=\"(max-width: 1024px)\" \/>\n\n<source data-depicter-srcset=\"https:\/\/www.ma-part-du-web.com\/agence-arras\/wp-content\/uploads\/2022\/10\/fond-1292x701.jpg, https:\/\/www.ma-part-du-web.com\/agence-arras\/wp-content\/uploads\/2022\/10\/fond-2584x1402.jpg 2x\" srcset=\"data:image\/gif;base64,R0lGODlhAQABAIAAAAAAAP\/\/\/yH5BAEAAAAALAAAAAABAAEAAAIBRAA7\" media=\"(min-width: 1025px)\" \/>\n<img decoding=\"async\" src=\"data:image\/gif;base64,R0lGODlhAQABAIAAAAAAAP\/\/\/yH5BAEAAAAALAAAAAABAAEAAAIBRAA7\" data-depicter-src=\"https:\/\/www.ma-part-du-web.com\/agence-arras\/wp-content\/uploads\/2022\/10\/fond-1292x701.jpg\" alt=\"\" \/>\n<\/picture>\n<div data-animation-in=\"{'direction':'left','easing':'easeInOutExpo','duration':2500,'movement':0,'type':'move'}\" data-between-in-out=\"false\" id=\"depicter-42-element-5\" class=\"depicter-element depicter-layer depicter-42-element-5\" data-type=\"shape\" data-wrap=\"true\" data-name=\"Shape 1\" data-local-id=\"element-5\" data-offset=\"x:0px;y:-1px;origin:mc\" data-tablet-offset=\"x:-26px;y:-7px;origin:ml\" data-hide-on-sections=\"depicter-42-section-1\" data-width=\"1110px,1110px,\" data-height=\"537px,537px,\" data-responsive-scale=\"true,,\"><\/div>\n\n<a href=\"https:\/\/www.ma-part-du-web.com\/agence-arras\/creation-site-internet-pas-de-calais\/\"><button id=\"depicter-42-element-7\" class=\"depicter-element depicter-layer depicter-42-element-7\" data-type=\"button\" data-wrap=\"true\" data-name=\"Button 1\" data-local-id=\"element-7\" data-offset=\"x:0px;y:-155px;origin:mc\" data-mobile-offset=\"x:-85px;y:-155px;origin:ml\" data-hide-on-sections=\"depicter-42-section-1\" data-width=\"519px,,519px\" data-height=\"80px,,80px\" data-responsive-scale=\"true,,\"><span class=\"dp-inner-content\">CREATION SITES WEB<\/span><\/button><\/a>\n<a href=\"https:\/\/www.ma-part-du-web.com\/agence-arras\/referencement-positionnement-site-internet-arras\/\"><button data-animation-in=\"{'type':'move','params':{'direction':'left','easing':'easeOutQuart','duration':2500,'movement':0,'rotate':0,'delay':150,'rotate3d':{'x':0,'y':90},'transformOrigin':{'x':'center','y':'center','z':0},'skew':{'x':0}},'easing':'linear','duration':1000,'movement':{'value':1000,'unit':'px'},'delay':100}\" data-between-in-out=\"false\" id=\"depicter-42-element-9\" class=\"depicter-element depicter-layer depicter-42-element-9\" data-type=\"button\" data-wrap=\"true\" data-name=\"Button 2\" data-local-id=\"element-9\" data-offset=\"x:0px;y:-16px;origin:mc\" data-mobile-offset=\"x:-204px;y:-7px;origin:ml\" data-hide-on-sections=\"depicter-42-section-1\" data-width=\"568px,,747px\" data-height=\"68px,,68px\" data-responsive-scale=\"true,,\"><span class=\"dp-inner-content\">R\u00e9f\u00e9rencement - Positionnement<\/span><\/button><\/a>\n<a href=\"https:\/\/www.ma-part-du-web.com\/agence-arras\/publicite-et-visibilite-flyers-affiches-et-creation-de-logos\/\"><button id=\"depicter-42-element-11\" class=\"depicter-element depicter-layer depicter-42-element-11\" data-type=\"button\" data-wrap=\"true\" data-name=\"Button 3\" data-local-id=\"element-11\" data-offset=\"x:0px;y:117px;origin:mc\" data-mobile-offset=\"x:-43px;y:120px;origin:ml\" data-hide-on-sections=\"depicter-42-section-1\" data-width=\"436px,,436px\" data-height=\"68px,,68px\" data-responsive-scale=\"true,,\"><span class=\"dp-inner-content\">Identit\u00e9 visuelle et pub<\/span><\/button><\/a>\n<\/div>\n\n<div id=\"depicter-42-section-1\" class=\"depicter-section depicter-42-section-1\" data-name=\"Slide 1\" data-type=\"section\" data-local-id=\"section-1\" data-slideshow-duration=\"1\"><\/div>\n\n<div id=\"depicter-42-section-4\" class=\"depicter-section depicter-42-section-4\" data-name=\"Slide 3\" data-type=\"section\" data-local-id=\"section-4\" data-slideshow-duration=\"1\"><\/div>\n\n<div id=\"depicter-42-section-6\" class=\"depicter-section depicter-42-section-6\" data-name=\"Slide 4\" data-type=\"section\" data-local-id=\"section-6\" data-slideshow-duration=\"1\"><\/div>\n\n<div id=\"depicter-42-section-8\" class=\"depicter-section depicter-42-section-8\" data-name=\"Slide 5\" data-type=\"section\" data-local-id=\"section-8\" data-slideshow-duration=\"1\"><\/div>\n<\/div>\n<script>\n(window.depicterSetups = window.depicterSetups || []).push(function(){\n\tDepicter.basePath = 'https:\/\/www.ma-part-du-web.com\/agence-arras\/wp-content\/plugins\/depicter\/resources\/scripts\/player\/';\n\tconst dpPlayer = Depicter.setup('.depicter-42',\n\t\t{\"width\":[\"1200\",\"1024\",\"360\"],\"height\":[\"700\",\"700\",\"740\"],\"view\":\"basic\",\"keepAspectRatio\":false,\"preload\":0,\"layout\":\"fullscreen\",\"rtl\":false,\"initAfterAppear\":false,\"ajaxApiUrl\":\"https:\\\/\\\/www.ma-part-du-web.com\\\/agence-arras\\\/wp-admin\\\/admin-ajax.php\",\"viewOptions\":{\"loop\":false},\"slideshow\":{\"duration\":1,\"pauseOnHover\":false,\"autostart\":true},\"mouseSwipe\":false,\"touchSwipe\":false,\"useWatermark\":false}\n\t);\n});\n<\/script><\/p>\n<h2>Cr\u00e9ation et r\u00e9f\u00e9rencement de sites internet<\/h2>\n<p><strong>Identit\u00e9 visuelle, logo, publicit\u00e9 pour entreprises, professionnels, associations et particuliers.<\/strong><\/p>\n<p><img loading=\"lazy\" decoding=\"async\" class=\"alignright wp-image-152 size-full\" title=\"soci\u00e9t\u00e9 de solutions web \/ cr\u00e9ations graphiques et publicit\u00e9\" src=\"https:\/\/www.ma-part-du-web.com\/agence-arras\/wp-content\/uploads\/2020\/07\/mp1.jpg\" alt=\"\" width=\"283\" height=\"200\" \/>La soci\u00e9t\u00e9 \u00ab\u00a0Ma part du web\u00a0\u00bb (Bas\u00e9e \u00e0 Penin 62127, non loin d&rsquo;Arras) est l&rsquo;aboutissement d&rsquo;une passion enrichie par 12 ans d&rsquo;exp\u00e9rience dans le milieu de la cr\u00e9ation de sites internet. Une \u00e9quipe issue du domaine artistique (Arts Plastiques, graphiques et photos) qui face \u00e0 l&rsquo;explosion du net, a trouv\u00e9 en se professionnalisant dans cette activit\u00e9 un moyen in\u00e9puisable d&rsquo;utiliser et de mettre en pratique toutes ses capacit\u00e9s autour d&rsquo;une passion commune.<\/p>\n<p><strong>Nos offres :<\/strong><\/p>\n<p>Une prestation compl\u00e8te, personnalis\u00e9e et originale de cr\u00e9ation de sites enti\u00e8rement bas\u00e9e sur l&rsquo;image du client et sur les normes techniques du net actuelles.<br \/>\nNos prestations vont de la prise de photos au sein de votre activit\u00e9, en passant par la vid\u00e9o de pr\u00e9sentation, pour finir sur l&rsquo;\u00e9laboration finale de votre site et de son r\u00e9f\u00e9rencement.<\/p>\n<p>MPWeb c&rsquo;est \u00e9galement un service de cr\u00e9ation de logos et visuelles pour l&rsquo;identit\u00e9 publicitaire de votre entreprise (plaquettes, affiches, PLV, logos&#8230;).<br \/>\nAujourd&rsquo;hui internet se veut un outil rapide et concret incontournable. Les images, les visuels et les vid\u00e9os parlent directement \u00e0 vos clients car elles vont droit au but et d\u00e9crivent \u00e0 elles seules le cadre de votre secteur de travail.<br \/>\n<strong>\u00ab\u00a0Nous sommes certains d&rsquo;avoir une solution web \u00e0 votre image\u00a0\u00bb.<\/strong><\/p>\n<p>&nbsp;<\/p>\n<p><img loading=\"lazy\" decoding=\"async\" class=\"aligncenter wp-image-345 size-medium\" title=\"creation sites internet arras\" src=\"https:\/\/www.ma-part-du-web.com\/agence-arras\/wp-content\/uploads\/2022\/10\/ma-part-du-web-300x219.png\" alt=\"\" width=\"300\" height=\"219\" srcset=\"https:\/\/www.ma-part-du-web.com\/agence-arras\/wp-content\/uploads\/2022\/10\/ma-part-du-web-300x219.png 300w, https:\/\/www.ma-part-du-web.com\/agence-arras\/wp-content\/uploads\/2022\/10\/ma-part-du-web-768x561.png 768w, https:\/\/www.ma-part-du-web.com\/agence-arras\/wp-content\/uploads\/2022\/10\/ma-part-du-web-200x146.png 200w, https:\/\/www.ma-part-du-web.com\/agence-arras\/wp-content\/uploads\/2022\/10\/ma-part-du-web.png 800w\" sizes=\"(max-width: 300px) 100vw, 300px\" \/><\/p>\n","protected":false},"excerpt":{"rendered":"<p>Cr\u00e9ation et r\u00e9f\u00e9rencement de sites internet Identit\u00e9 visuelle, logo, publicit\u00e9 pour entreprises, professionnels, associations et particuliers. La soci\u00e9t\u00e9 \u00ab\u00a0Ma part du web\u00a0\u00bb (Bas\u00e9e \u00e0 Penin 62127, non loin d&rsquo;Arras) est l&rsquo;aboutissement d&rsquo;une passion enrichie par 12 ans d&rsquo;exp\u00e9rience dans le milieu de la cr\u00e9ation de sites internet. Une \u00e9quipe issue du domaine artistique (Arts Plastiques, [&hellip;]<\/p>\n","protected":false},"author":1,"featured_media":0,"parent":0,"menu_order":0,"comment_status":"closed","ping_status":"closed","template":"","meta":{"footnotes":""},"yoast_head":"<!-- This site is optimized with the Yoast SEO plugin v24.5 - https:\/\/yoast.com\/wordpress\/plugins\/seo\/ -->\n<title>Cr\u00e9ation de sites internet Arras \/ pas-de-Calais<\/title>\n<meta name=\"description\" content=\"Cr\u00e9ation de sites internet vitrines et commerciaux \u00e0 Arras : Entreprises \/ particuliers \/ associations et commerces\" \/>\n<meta name=\"robots\" content=\"index, follow, max-snippet:-1, max-image-preview:large, max-video-preview:-1\" \/>\n<link rel=\"canonical\" href=\"https:\/\/www.ma-part-du-web.com\/agence-arras\/\" \/>\n<meta property=\"og:locale\" content=\"fr_FR\" \/>\n<meta property=\"og:type\" content=\"article\" \/>\n<meta property=\"og:title\" content=\"Cr\u00e9ation de sites internet Arras \/ pas-de-Calais\" \/>\n<meta property=\"og:description\" content=\"Cr\u00e9ation de sites internet vitrines et commerciaux \u00e0 Arras : Entreprises \/ particuliers \/ associations et commerces\" \/>\n<meta property=\"og:url\" content=\"https:\/\/www.ma-part-du-web.com\/agence-arras\/\" \/>\n<meta property=\"og:site_name\" content=\"Ma Part du Web\" \/>\n<meta property=\"article:modified_time\" content=\"2024-07-10T06:55:43+00:00\" \/>\n<meta property=\"og:image\" content=\"https:\/\/www.ma-part-du-web.com\/agence-arras\/wp-content\/uploads\/2020\/07\/mp1.jpg\" \/>\n<meta name=\"twitter:card\" content=\"summary_large_image\" \/>\n<meta name=\"twitter:label1\" content=\"Dur\u00e9e de lecture estim\u00e9e\" \/>\n\t<meta name=\"twitter:data1\" content=\"2 minutes\" \/>\n<script type=\"application\/ld+json\" class=\"yoast-schema-graph\">{\"@context\":\"https:\/\/schema.org\",\"@graph\":[{\"@type\":\"WebPage\",\"@id\":\"https:\/\/www.ma-part-du-web.com\/agence-arras\/\",\"url\":\"https:\/\/www.ma-part-du-web.com\/agence-arras\/\",\"name\":\"Cr\u00e9ation de sites internet Arras \/ pas-de-Calais\",\"isPartOf\":{\"@id\":\"https:\/\/www.ma-part-du-web.com\/agence-arras\/#website\"},\"primaryImageOfPage\":{\"@id\":\"https:\/\/www.ma-part-du-web.com\/agence-arras\/#primaryimage\"},\"image\":{\"@id\":\"https:\/\/www.ma-part-du-web.com\/agence-arras\/#primaryimage\"},\"thumbnailUrl\":\"https:\/\/www.ma-part-du-web.com\/agence-arras\/wp-content\/uploads\/2020\/07\/mp1.jpg\",\"datePublished\":\"2020-07-27T10:40:26+00:00\",\"dateModified\":\"2024-07-10T06:55:43+00:00\",\"description\":\"Cr\u00e9ation de sites internet vitrines et commerciaux \u00e0 Arras : Entreprises \/ particuliers \/ associations et commerces\",\"inLanguage\":\"fr-FR\",\"potentialAction\":[{\"@type\":\"ReadAction\",\"target\":[\"https:\/\/www.ma-part-du-web.com\/agence-arras\/\"]}]},{\"@type\":\"ImageObject\",\"inLanguage\":\"fr-FR\",\"@id\":\"https:\/\/www.ma-part-du-web.com\/agence-arras\/#primaryimage\",\"url\":\"https:\/\/www.ma-part-du-web.com\/agence-arras\/wp-content\/uploads\/2020\/07\/mp1.jpg\",\"contentUrl\":\"https:\/\/www.ma-part-du-web.com\/agence-arras\/wp-content\/uploads\/2020\/07\/mp1.jpg\",\"width\":283,\"height\":200},{\"@type\":\"WebSite\",\"@id\":\"https:\/\/www.ma-part-du-web.com\/agence-arras\/#website\",\"url\":\"https:\/\/www.ma-part-du-web.com\/agence-arras\/\",\"name\":\"Ma Part du Web\",\"description\":\"Sites web, visuels...\",\"publisher\":{\"@id\":\"https:\/\/www.ma-part-du-web.com\/agence-arras\/#organization\"},\"potentialAction\":[{\"@type\":\"SearchAction\",\"target\":{\"@type\":\"EntryPoint\",\"urlTemplate\":\"https:\/\/www.ma-part-du-web.com\/agence-arras\/?s={search_term_string}\"},\"query-input\":{\"@type\":\"PropertyValueSpecification\",\"valueRequired\":true,\"valueName\":\"search_term_string\"}}],\"inLanguage\":\"fr-FR\"},{\"@type\":\"Organization\",\"@id\":\"https:\/\/www.ma-part-du-web.com\/agence-arras\/#organization\",\"name\":\"Ma Part du Web\",\"url\":\"https:\/\/www.ma-part-du-web.com\/agence-arras\/\",\"logo\":{\"@type\":\"ImageObject\",\"inLanguage\":\"fr-FR\",\"@id\":\"https:\/\/www.ma-part-du-web.com\/agence-arras\/#\/schema\/logo\/image\/\",\"url\":\"https:\/\/www.ma-part-du-web.com\/agence-arras\/wp-content\/uploads\/2022\/10\/cropped-path4292-3.png\",\"contentUrl\":\"https:\/\/www.ma-part-du-web.com\/agence-arras\/wp-content\/uploads\/2022\/10\/cropped-path4292-3.png\",\"width\":200,\"height\":170,\"caption\":\"Ma Part du Web\"},\"image\":{\"@id\":\"https:\/\/www.ma-part-du-web.com\/agence-arras\/#\/schema\/logo\/image\/\"}}]}<\/script>\n<!-- \/ Yoast SEO plugin. -->","yoast_head_json":{"title":"Cr\u00e9ation de sites internet Arras \/ pas-de-Calais","description":"Cr\u00e9ation de sites internet vitrines et commerciaux \u00e0 Arras : Entreprises \/ particuliers \/ associations et commerces","robots":{"index":"index","follow":"follow","max-snippet":"max-snippet:-1","max-image-preview":"max-image-preview:large","max-video-preview":"max-video-preview:-1"},"canonical":"https:\/\/www.ma-part-du-web.com\/agence-arras\/","og_locale":"fr_FR","og_type":"article","og_title":"Cr\u00e9ation de sites internet Arras \/ pas-de-Calais","og_description":"Cr\u00e9ation de sites internet vitrines et commerciaux \u00e0 Arras : Entreprises \/ particuliers \/ associations et commerces","og_url":"https:\/\/www.ma-part-du-web.com\/agence-arras\/","og_site_name":"Ma Part du Web","article_modified_time":"2024-07-10T06:55:43+00:00","og_image":[{"url":"https:\/\/www.ma-part-du-web.com\/agence-arras\/wp-content\/uploads\/2020\/07\/mp1.jpg","type":"","width":"","height":""}],"twitter_card":"summary_large_image","twitter_misc":{"Dur\u00e9e de lecture estim\u00e9e":"2 minutes"},"schema":{"@context":"https:\/\/schema.org","@graph":[{"@type":"WebPage","@id":"https:\/\/www.ma-part-du-web.com\/agence-arras\/","url":"https:\/\/www.ma-part-du-web.com\/agence-arras\/","name":"Cr\u00e9ation de sites internet Arras \/ pas-de-Calais","isPartOf":{"@id":"https:\/\/www.ma-part-du-web.com\/agence-arras\/#website"},"primaryImageOfPage":{"@id":"https:\/\/www.ma-part-du-web.com\/agence-arras\/#primaryimage"},"image":{"@id":"https:\/\/www.ma-part-du-web.com\/agence-arras\/#primaryimage"},"thumbnailUrl":"https:\/\/www.ma-part-du-web.com\/agence-arras\/wp-content\/uploads\/2020\/07\/mp1.jpg","datePublished":"2020-07-27T10:40:26+00:00","dateModified":"2024-07-10T06:55:43+00:00","description":"Cr\u00e9ation de sites internet vitrines et commerciaux \u00e0 Arras : Entreprises \/ particuliers \/ associations et commerces","inLanguage":"fr-FR","potentialAction":[{"@type":"ReadAction","target":["https:\/\/www.ma-part-du-web.com\/agence-arras\/"]}]},{"@type":"ImageObject","inLanguage":"fr-FR","@id":"https:\/\/www.ma-part-du-web.com\/agence-arras\/#primaryimage","url":"https:\/\/www.ma-part-du-web.com\/agence-arras\/wp-content\/uploads\/2020\/07\/mp1.jpg","contentUrl":"https:\/\/www.ma-part-du-web.com\/agence-arras\/wp-content\/uploads\/2020\/07\/mp1.jpg","width":283,"height":200},{"@type":"WebSite","@id":"https:\/\/www.ma-part-du-web.com\/agence-arras\/#website","url":"https:\/\/www.ma-part-du-web.com\/agence-arras\/","name":"Ma Part du Web","description":"Sites web, visuels...","publisher":{"@id":"https:\/\/www.ma-part-du-web.com\/agence-arras\/#organization"},"potentialAction":[{"@type":"SearchAction","target":{"@type":"EntryPoint","urlTemplate":"https:\/\/www.ma-part-du-web.com\/agence-arras\/?s={search_term_string}"},"query-input":{"@type":"PropertyValueSpecification","valueRequired":true,"valueName":"search_term_string"}}],"inLanguage":"fr-FR"},{"@type":"Organization","@id":"https:\/\/www.ma-part-du-web.com\/agence-arras\/#organization","name":"Ma Part du Web","url":"https:\/\/www.ma-part-du-web.com\/agence-arras\/","logo":{"@type":"ImageObject","inLanguage":"fr-FR","@id":"https:\/\/www.ma-part-du-web.com\/agence-arras\/#\/schema\/logo\/image\/","url":"https:\/\/www.ma-part-du-web.com\/agence-arras\/wp-content\/uploads\/2022\/10\/cropped-path4292-3.png","contentUrl":"https:\/\/www.ma-part-du-web.com\/agence-arras\/wp-content\/uploads\/2022\/10\/cropped-path4292-3.png","width":200,"height":170,"caption":"Ma Part du Web"},"image":{"@id":"https:\/\/www.ma-part-du-web.com\/agence-arras\/#\/schema\/logo\/image\/"}}]}},"_links":{"self":[{"href":"https:\/\/www.ma-part-du-web.com\/agence-arras\/wp-json\/wp\/v2\/pages\/22"}],"collection":[{"href":"https:\/\/www.ma-part-du-web.com\/agence-arras\/wp-json\/wp\/v2\/pages"}],"about":[{"href":"https:\/\/www.ma-part-du-web.com\/agence-arras\/wp-json\/wp\/v2\/types\/page"}],"author":[{"embeddable":true,"href":"https:\/\/www.ma-part-du-web.com\/agence-arras\/wp-json\/wp\/v2\/users\/1"}],"replies":[{"embeddable":true,"href":"https:\/\/www.ma-part-du-web.com\/agence-arras\/wp-json\/wp\/v2\/comments?post=22"}],"version-history":[{"count":18,"href":"https:\/\/www.ma-part-du-web.com\/agence-arras\/wp-json\/wp\/v2\/pages\/22\/revisions"}],"predecessor-version":[{"id":348,"href":"https:\/\/www.ma-part-du-web.com\/agence-arras\/wp-json\/wp\/v2\/pages\/22\/revisions\/348"}],"wp:attachment":[{"href":"https:\/\/www.ma-part-du-web.com\/agence-arras\/wp-json\/wp\/v2\/media?parent=22"}],"curies":[{"name":"wp","href":"https:\/\/api.w.org\/{rel}","templated":true}]}}