{"id":30,"date":"2020-07-27T12:45:11","date_gmt":"2020-07-27T10:45:11","guid":{"rendered":"https:\/\/www.ma-part-du-web.com\/agence-arras\/?page_id=30"},"modified":"2024-07-10T09:02:31","modified_gmt":"2024-07-10T07:02:31","slug":"publicite-et-visibilite-flyers-affiches-et-creation-de-logos","status":"publish","type":"page","link":"https:\/\/www.ma-part-du-web.com\/agence-arras\/publicite-et-visibilite-flyers-affiches-et-creation-de-logos\/","title":{"rendered":"Publicit\u00e9 et visibilit\u00e9 :  flyers, affiches et cr\u00e9ation de logos et vid\u00e9os d&rsquo;entreprises"},"content":{"rendered":"<p><strong>Identit\u00e9s visuelles, logos, publicit\u00e9s : votre visibilit\u00e9 compte !<\/strong><\/p>\n<p>L&rsquo;identit\u00e9 visuelle prend diff\u00e9rentes formes. Elle commence par le petit logo qui figurera au coin de votre carte de visite, en passant par le flyer qui d\u00e9taillera votre activit\u00e9, vos offres, pour finir par l&rsquo;affiche 4&#215;3 pour les plus ambitieux d&rsquo;entre-vous.<br \/>\n<strong>Sur le net comme sur le papier, un visuel accrocheur attire le regard et cr\u00e9e un lien direct avec votre soci\u00e9t\u00e9 !<\/strong><\/p>\n<p>De la cr\u00e9ation de cartes de visite \u00e0 la mise en place de campagnes de pub cibl\u00e9es (sur le net, sur un m\u00e9diat ou dans la rue), cette activit\u00e9 est pour nous compl\u00e9mentaire \u00e0 celle de la cr\u00e9ation de sites web.<\/p>\n<p>La vid\u00e9o de pr\u00e9sentation est aujourd&rsquo;hui \u00e9galement un atout s\u00e9rieux et repr\u00e9sentatif. Elle permet de r\u00e9sumer tr\u00e8s rapidement et tr\u00e8s intuitivement votre activit\u00e9. Elle permet \u00e9galement de situer le client\/prospect et de le renseigner sur des d\u00e9tails qui ne peuvent appara\u00eetre autrement que par le biais de l&rsquo;animation.<br \/>\nCourte ou longue, son visionnage fait entrer les visiteurs au coeur de votre sujet 24\/24h et 7\/7jours&#8230; (quelques r\u00e9alisations sont visibles en bas de cette page).<\/p>\n<blockquote><p><strong>Ci-dessous quelques r\u00e9alisations qui vous parleront de nos capacit\u00e9s directement :<\/strong><\/p><\/blockquote>\n<h3><em>Des logos et visuels r\u00e9alis\u00e9s par MPWEB :<\/em><\/h3>\n<div id='gallery-1' class='gallery galleryid-30 gallery-columns-3 gallery-size-medium'><figure class='gallery-item'>\n\t\t\t<div class='gallery-icon landscape'>\n\t\t\t\t<a href='https:\/\/www.ma-part-du-web.com\/agence-arras\/publicite-et-visibilite-flyers-affiches-et-creation-de-logos\/art-en-nord-2\/'><img loading=\"lazy\" decoding=\"async\" width=\"300\" height=\"248\" src=\"https:\/\/www.ma-part-du-web.com\/agence-arras\/wp-content\/uploads\/2020\/07\/Art-en-Nord-1-300x248.png\" class=\"attachment-medium size-medium\" alt=\"\" aria-describedby=\"gallery-1-210\" srcset=\"https:\/\/www.ma-part-du-web.com\/agence-arras\/wp-content\/uploads\/2020\/07\/Art-en-Nord-1-300x248.png 300w, https:\/\/www.ma-part-du-web.com\/agence-arras\/wp-content\/uploads\/2020\/07\/Art-en-Nord-1.png 646w\" sizes=\"(max-width: 300px) 100vw, 300px\" \/><\/a>\n\t\t\t<\/div>\n\t\t\t\t<figcaption class='wp-caption-text gallery-caption' id='gallery-1-210'>\n\t\t\t\tLogo cr\u00e9\u00e9 pour Art en Nord (site web r\u00e9gional pour Artistes plasticiens).\n\t\t\t\t<\/figcaption><\/figure><figure class='gallery-item'>\n\t\t\t<div class='gallery-icon landscape'>\n\t\t\t\t<a href='https:\/\/www.ma-part-du-web.com\/agence-arras\/publicite-et-visibilite-flyers-affiches-et-creation-de-logos\/logo-coach-sportif-fred-pfeferberg\/'><img loading=\"lazy\" decoding=\"async\" width=\"300\" height=\"247\" src=\"https:\/\/www.ma-part-du-web.com\/agence-arras\/wp-content\/uploads\/2020\/07\/logo-coach-sportif-Fred-Pfeferberg-300x247.png\" class=\"attachment-medium size-medium\" alt=\"\" aria-describedby=\"gallery-1-220\" srcset=\"https:\/\/www.ma-part-du-web.com\/agence-arras\/wp-content\/uploads\/2020\/07\/logo-coach-sportif-Fred-Pfeferberg-300x247.png 300w, https:\/\/www.ma-part-du-web.com\/agence-arras\/wp-content\/uploads\/2020\/07\/logo-coach-sportif-Fred-Pfeferberg-1024x843.png 1024w, https:\/\/www.ma-part-du-web.com\/agence-arras\/wp-content\/uploads\/2020\/07\/logo-coach-sportif-Fred-Pfeferberg-768x632.png 768w, https:\/\/www.ma-part-du-web.com\/agence-arras\/wp-content\/uploads\/2020\/07\/logo-coach-sportif-Fred-Pfeferberg.png 1029w\" sizes=\"(max-width: 300px) 100vw, 300px\" \/><\/a>\n\t\t\t<\/div>\n\t\t\t\t<figcaption class='wp-caption-text gallery-caption' id='gallery-1-220'>\n\t\t\t\tLogo du coach sportif Fr\u00e9d\u00e9ric Pfeferberg\n\t\t\t\t<\/figcaption><\/figure><figure class='gallery-item'>\n\t\t\t<div class='gallery-icon landscape'>\n\t\t\t\t<a href='https:\/\/www.ma-part-du-web.com\/agence-arras\/publicite-et-visibilite-flyers-affiches-et-creation-de-logos\/body-vip\/'><img loading=\"lazy\" decoding=\"async\" width=\"300\" height=\"246\" src=\"https:\/\/www.ma-part-du-web.com\/agence-arras\/wp-content\/uploads\/2020\/07\/Body-vip-300x246.png\" class=\"attachment-medium size-medium\" alt=\"\" aria-describedby=\"gallery-1-211\" srcset=\"https:\/\/www.ma-part-du-web.com\/agence-arras\/wp-content\/uploads\/2020\/07\/Body-vip-300x246.png 300w, https:\/\/www.ma-part-du-web.com\/agence-arras\/wp-content\/uploads\/2020\/07\/Body-vip-1024x841.png 1024w, https:\/\/www.ma-part-du-web.com\/agence-arras\/wp-content\/uploads\/2020\/07\/Body-vip-768x631.png 768w, https:\/\/www.ma-part-du-web.com\/agence-arras\/wp-content\/uploads\/2020\/07\/Body-vip-1536x1261.png 1536w, https:\/\/www.ma-part-du-web.com\/agence-arras\/wp-content\/uploads\/2020\/07\/Body-vip-2048x1682.png 2048w, https:\/\/www.ma-part-du-web.com\/agence-arras\/wp-content\/uploads\/2020\/07\/Body-vip-e1596195246453.png 1200w\" sizes=\"(max-width: 300px) 100vw, 300px\" \/><\/a>\n\t\t\t<\/div>\n\t\t\t\t<figcaption class='wp-caption-text gallery-caption' id='gallery-1-211'>\n\t\t\t\tLogo cr\u00e9\u00e9 pour le club de sport Parisien Body-vip\n\t\t\t\t<\/figcaption><\/figure><figure class='gallery-item'>\n\t\t\t<div class='gallery-icon landscape'>\n\t\t\t\t<a href='https:\/\/www.ma-part-du-web.com\/agence-arras\/publicite-et-visibilite-flyers-affiches-et-creation-de-logos\/decomotiv\/'><img loading=\"lazy\" decoding=\"async\" width=\"300\" height=\"215\" src=\"https:\/\/www.ma-part-du-web.com\/agence-arras\/wp-content\/uploads\/2020\/07\/decomotiv-300x215.jpg\" class=\"attachment-medium size-medium\" alt=\"\" aria-describedby=\"gallery-1-215\" srcset=\"https:\/\/www.ma-part-du-web.com\/agence-arras\/wp-content\/uploads\/2020\/07\/decomotiv-300x215.jpg 300w, https:\/\/www.ma-part-du-web.com\/agence-arras\/wp-content\/uploads\/2020\/07\/decomotiv-1024x733.jpg 1024w, https:\/\/www.ma-part-du-web.com\/agence-arras\/wp-content\/uploads\/2020\/07\/decomotiv-768x550.jpg 768w, https:\/\/www.ma-part-du-web.com\/agence-arras\/wp-content\/uploads\/2020\/07\/decomotiv.jpg 1185w\" sizes=\"(max-width: 300px) 100vw, 300px\" \/><\/a>\n\t\t\t<\/div>\n\t\t\t\t<figcaption class='wp-caption-text gallery-caption' id='gallery-1-215'>\n\t\t\t\tLogo de l&rsquo;agence home staging DECOMOTIV de Paris \n\t\t\t\t<\/figcaption><\/figure><figure class='gallery-item'>\n\t\t\t<div class='gallery-icon landscape'>\n\t\t\t\t<a href='https:\/\/www.ma-part-du-web.com\/agence-arras\/publicite-et-visibilite-flyers-affiches-et-creation-de-logos\/ce-ducros-nord\/'><img loading=\"lazy\" decoding=\"async\" width=\"300\" height=\"189\" src=\"https:\/\/www.ma-part-du-web.com\/agence-arras\/wp-content\/uploads\/2020\/07\/CE-ducros-Nord-300x189.jpg\" class=\"attachment-medium size-medium\" alt=\"\" aria-describedby=\"gallery-1-212\" srcset=\"https:\/\/www.ma-part-du-web.com\/agence-arras\/wp-content\/uploads\/2020\/07\/CE-ducros-Nord-300x189.jpg 300w, https:\/\/www.ma-part-du-web.com\/agence-arras\/wp-content\/uploads\/2020\/07\/CE-ducros-Nord-768x483.jpg 768w, https:\/\/www.ma-part-du-web.com\/agence-arras\/wp-content\/uploads\/2020\/07\/CE-ducros-Nord.jpg 900w\" sizes=\"(max-width: 300px) 100vw, 300px\" \/><\/a>\n\t\t\t<\/div>\n\t\t\t\t<figcaption class='wp-caption-text gallery-caption' id='gallery-1-212'>\n\t\t\t\tLogo et visuel de com pour le comit\u00e9 d&rsquo;entreprise Ducroc\n\t\t\t\t<\/figcaption><\/figure><figure class='gallery-item'>\n\t\t\t<div class='gallery-icon landscape'>\n\t\t\t\t<a href='https:\/\/www.ma-part-du-web.com\/agence-arras\/publicite-et-visibilite-flyers-affiches-et-creation-de-logos\/maccabia-94\/'><img loading=\"lazy\" decoding=\"async\" width=\"300\" height=\"251\" src=\"https:\/\/www.ma-part-du-web.com\/agence-arras\/wp-content\/uploads\/2020\/07\/maccabia-94-300x251.png\" class=\"attachment-medium size-medium\" alt=\"\" aria-describedby=\"gallery-1-221\" srcset=\"https:\/\/www.ma-part-du-web.com\/agence-arras\/wp-content\/uploads\/2020\/07\/maccabia-94-300x251.png 300w, https:\/\/www.ma-part-du-web.com\/agence-arras\/wp-content\/uploads\/2020\/07\/maccabia-94-768x642.png 768w, https:\/\/www.ma-part-du-web.com\/agence-arras\/wp-content\/uploads\/2020\/07\/maccabia-94.png 838w\" sizes=\"(max-width: 300px) 100vw, 300px\" \/><\/a>\n\t\t\t<\/div>\n\t\t\t\t<figcaption class='wp-caption-text gallery-caption' id='gallery-1-221'>\n\t\t\t\tLogo du Maccabia 94.\n\t\t\t\t<\/figcaption><\/figure><figure class='gallery-item'>\n\t\t\t<div class='gallery-icon landscape'>\n\t\t\t\t<a href='https:\/\/www.ma-part-du-web.com\/agence-arras\/publicite-et-visibilite-flyers-affiches-et-creation-de-logos\/multi-bike\/'><img loading=\"lazy\" decoding=\"async\" width=\"300\" height=\"217\" src=\"https:\/\/www.ma-part-du-web.com\/agence-arras\/wp-content\/uploads\/2020\/07\/multi-bike-300x217.jpg\" class=\"attachment-medium size-medium\" alt=\"\" aria-describedby=\"gallery-1-222\" srcset=\"https:\/\/www.ma-part-du-web.com\/agence-arras\/wp-content\/uploads\/2020\/07\/multi-bike-300x217.jpg 300w, https:\/\/www.ma-part-du-web.com\/agence-arras\/wp-content\/uploads\/2020\/07\/multi-bike-1024x742.jpg 1024w, https:\/\/www.ma-part-du-web.com\/agence-arras\/wp-content\/uploads\/2020\/07\/multi-bike-768x557.jpg 768w, https:\/\/www.ma-part-du-web.com\/agence-arras\/wp-content\/uploads\/2020\/07\/multi-bike-1536x1113.jpg 1536w, https:\/\/www.ma-part-du-web.com\/agence-arras\/wp-content\/uploads\/2020\/07\/multi-bike-2048x1484.jpg 2048w, https:\/\/www.ma-part-du-web.com\/agence-arras\/wp-content\/uploads\/2020\/07\/multi-bike-scaled-e1596195283180.jpg 1200w\" sizes=\"(max-width: 300px) 100vw, 300px\" \/><\/a>\n\t\t\t<\/div>\n\t\t\t\t<figcaption class='wp-caption-text gallery-caption' id='gallery-1-222'>\n\t\t\t\tLogo du site de vente Multibike.\n\t\t\t\t<\/figcaption><\/figure><figure class='gallery-item'>\n\t\t\t<div class='gallery-icon portrait'>\n\t\t\t\t<a href='https:\/\/www.ma-part-du-web.com\/agence-arras\/publicite-et-visibilite-flyers-affiches-et-creation-de-logos\/cie-du-scenographe\/'><img loading=\"lazy\" decoding=\"async\" width=\"297\" height=\"300\" src=\"https:\/\/www.ma-part-du-web.com\/agence-arras\/wp-content\/uploads\/2020\/07\/cie-du-scenographe-297x300.png\" class=\"attachment-medium size-medium\" alt=\"\" aria-describedby=\"gallery-1-213\" srcset=\"https:\/\/www.ma-part-du-web.com\/agence-arras\/wp-content\/uploads\/2020\/07\/cie-du-scenographe-297x300.png 297w, https:\/\/www.ma-part-du-web.com\/agence-arras\/wp-content\/uploads\/2020\/07\/cie-du-scenographe-768x775.png 768w, https:\/\/www.ma-part-du-web.com\/agence-arras\/wp-content\/uploads\/2020\/07\/cie-du-scenographe.png 868w\" sizes=\"(max-width: 297px) 100vw, 297px\" \/><\/a>\n\t\t\t<\/div>\n\t\t\t\t<figcaption class='wp-caption-text gallery-caption' id='gallery-1-213'>\n\t\t\t\tLogo de la Compagnie du sc\u00e9nographe\n\t\t\t\t<\/figcaption><\/figure><figure class='gallery-item'>\n\t\t\t<div class='gallery-icon landscape'>\n\t\t\t\t<a href='https:\/\/www.ma-part-du-web.com\/agence-arras\/publicite-et-visibilite-flyers-affiches-et-creation-de-logos\/enduropale-passion-3\/'><img loading=\"lazy\" decoding=\"async\" width=\"300\" height=\"169\" src=\"https:\/\/www.ma-part-du-web.com\/agence-arras\/wp-content\/uploads\/2020\/07\/enduropale-passion-2-300x169.png\" class=\"attachment-medium size-medium\" alt=\"\" aria-describedby=\"gallery-1-216\" srcset=\"https:\/\/www.ma-part-du-web.com\/agence-arras\/wp-content\/uploads\/2020\/07\/enduropale-passion-2-300x169.png 300w, https:\/\/www.ma-part-du-web.com\/agence-arras\/wp-content\/uploads\/2020\/07\/enduropale-passion-2-768x433.png 768w, https:\/\/www.ma-part-du-web.com\/agence-arras\/wp-content\/uploads\/2020\/07\/enduropale-passion-2.png 800w\" sizes=\"(max-width: 300px) 100vw, 300px\" \/><\/a>\n\t\t\t<\/div>\n\t\t\t\t<figcaption class='wp-caption-text gallery-caption' id='gallery-1-216'>\n\t\t\t\tLogo de l&rsquo;association Enduropale Passion\n\t\t\t\t<\/figcaption><\/figure><figure class='gallery-item'>\n\t\t\t<div class='gallery-icon portrait'>\n\t\t\t\t<a href='https:\/\/www.ma-part-du-web.com\/agence-arras\/publicite-et-visibilite-flyers-affiches-et-creation-de-logos\/funicular\/'><img loading=\"lazy\" decoding=\"async\" width=\"286\" height=\"300\" src=\"https:\/\/www.ma-part-du-web.com\/agence-arras\/wp-content\/uploads\/2020\/07\/funicular-286x300.png\" class=\"attachment-medium size-medium\" alt=\"\" aria-describedby=\"gallery-1-218\" srcset=\"https:\/\/www.ma-part-du-web.com\/agence-arras\/wp-content\/uploads\/2020\/07\/funicular-286x300.png 286w, https:\/\/www.ma-part-du-web.com\/agence-arras\/wp-content\/uploads\/2020\/07\/funicular.png 461w\" sizes=\"(max-width: 286px) 100vw, 286px\" \/><\/a>\n\t\t\t<\/div>\n\t\t\t\t<figcaption class='wp-caption-text gallery-caption' id='gallery-1-218'>\n\t\t\t\tLogo du site Funiculart \n\t\t\t\t<\/figcaption><\/figure><figure class='gallery-item'>\n\t\t\t<div class='gallery-icon landscape'>\n\t\t\t\t<a href='https:\/\/www.ma-part-du-web.com\/agence-arras\/publicite-et-visibilite-flyers-affiches-et-creation-de-logos\/lasertennis\/'><img loading=\"lazy\" decoding=\"async\" width=\"300\" height=\"292\" src=\"https:\/\/www.ma-part-du-web.com\/agence-arras\/wp-content\/uploads\/2020\/07\/lasertennis-300x292.png\" class=\"attachment-medium size-medium\" alt=\"\" aria-describedby=\"gallery-1-219\" srcset=\"https:\/\/www.ma-part-du-web.com\/agence-arras\/wp-content\/uploads\/2020\/07\/lasertennis-300x292.png 300w, https:\/\/www.ma-part-du-web.com\/agence-arras\/wp-content\/uploads\/2020\/07\/lasertennis.png 390w\" sizes=\"(max-width: 300px) 100vw, 300px\" \/><\/a>\n\t\t\t<\/div>\n\t\t\t\t<figcaption class='wp-caption-text gallery-caption' id='gallery-1-219'>\n\t\t\t\tLogo pour un club de Laser Tennis\n\t\t\t\t<\/figcaption><\/figure><figure class='gallery-item'>\n\t\t\t<div class='gallery-icon landscape'>\n\t\t\t\t<a href='https:\/\/www.ma-part-du-web.com\/agence-arras\/publicite-et-visibilite-flyers-affiches-et-creation-de-logos\/corsica-feerie\/'><img loading=\"lazy\" decoding=\"async\" width=\"300\" height=\"297\" src=\"https:\/\/www.ma-part-du-web.com\/agence-arras\/wp-content\/uploads\/2020\/07\/corsica-feerie-300x297.png\" class=\"attachment-medium size-medium\" alt=\"\" aria-describedby=\"gallery-1-214\" srcset=\"https:\/\/www.ma-part-du-web.com\/agence-arras\/wp-content\/uploads\/2020\/07\/corsica-feerie-300x297.png 300w, https:\/\/www.ma-part-du-web.com\/agence-arras\/wp-content\/uploads\/2020\/07\/corsica-feerie-150x150.png 150w, https:\/\/www.ma-part-du-web.com\/agence-arras\/wp-content\/uploads\/2020\/07\/corsica-feerie-768x761.png 768w, https:\/\/www.ma-part-du-web.com\/agence-arras\/wp-content\/uploads\/2020\/07\/corsica-feerie.png 800w\" sizes=\"(max-width: 300px) 100vw, 300px\" \/><\/a>\n\t\t\t<\/div>\n\t\t\t\t<figcaption class='wp-caption-text gallery-caption' id='gallery-1-214'>\n\t\t\t\tLogo du Corsica F\u00e9\u00e9rie\n\t\t\t\t<\/figcaption><\/figure><figure class='gallery-item'>\n\t\t\t<div class='gallery-icon landscape'>\n\t\t\t\t<a href='https:\/\/www.ma-part-du-web.com\/agence-arras\/publicite-et-visibilite-flyers-affiches-et-creation-de-logos\/etangs-hersin-coupigny-des-claires-fontaines\/'><img loading=\"lazy\" decoding=\"async\" width=\"300\" height=\"107\" src=\"https:\/\/www.ma-part-du-web.com\/agence-arras\/wp-content\/uploads\/2020\/07\/etangs-hersin-coupigny-des-claires-fontaines-300x107.png\" class=\"attachment-medium size-medium\" alt=\"\" aria-describedby=\"gallery-1-217\" srcset=\"https:\/\/www.ma-part-du-web.com\/agence-arras\/wp-content\/uploads\/2020\/07\/etangs-hersin-coupigny-des-claires-fontaines-300x107.png 300w, https:\/\/www.ma-part-du-web.com\/agence-arras\/wp-content\/uploads\/2020\/07\/etangs-hersin-coupigny-des-claires-fontaines.png 400w\" sizes=\"(max-width: 300px) 100vw, 300px\" \/><\/a>\n\t\t\t<\/div>\n\t\t\t\t<figcaption class='wp-caption-text gallery-caption' id='gallery-1-217'>\n\t\t\t\tLogo des \u00e9tangs d&rsquo;Hersin coupigny\n\t\t\t\t<\/figcaption><\/figure><figure class='gallery-item'>\n\t\t\t<div class='gallery-icon landscape'>\n\t\t\t\t<a href='https:\/\/www.ma-part-du-web.com\/agence-arras\/publicite-et-visibilite-flyers-affiches-et-creation-de-logos\/si-pret-de-chez-vous\/'><img loading=\"lazy\" decoding=\"async\" width=\"300\" height=\"191\" src=\"https:\/\/www.ma-part-du-web.com\/agence-arras\/wp-content\/uploads\/2020\/07\/si-pret-de-chez-vous-300x191.jpg\" class=\"attachment-medium size-medium\" alt=\"\" aria-describedby=\"gallery-1-223\" srcset=\"https:\/\/www.ma-part-du-web.com\/agence-arras\/wp-content\/uploads\/2020\/07\/si-pret-de-chez-vous-300x191.jpg 300w, https:\/\/www.ma-part-du-web.com\/agence-arras\/wp-content\/uploads\/2020\/07\/si-pret-de-chez-vous-1024x652.jpg 1024w, https:\/\/www.ma-part-du-web.com\/agence-arras\/wp-content\/uploads\/2020\/07\/si-pret-de-chez-vous-768x489.jpg 768w, https:\/\/www.ma-part-du-web.com\/agence-arras\/wp-content\/uploads\/2020\/07\/si-pret-de-chez-vous-1536x977.jpg 1536w, https:\/\/www.ma-part-du-web.com\/agence-arras\/wp-content\/uploads\/2020\/07\/si-pret-de-chez-vous-e1596195308485.jpg 1000w\" sizes=\"(max-width: 300px) 100vw, 300px\" \/><\/a>\n\t\t\t<\/div>\n\t\t\t\t<figcaption class='wp-caption-text gallery-caption' id='gallery-1-223'>\n\t\t\t\tLogo service \u00e0 la personne.\n\t\t\t\t<\/figcaption><\/figure><figure class='gallery-item'>\n\t\t\t<div class='gallery-icon landscape'>\n\t\t\t\t<a href='https:\/\/www.ma-part-du-web.com\/agence-arras\/publicite-et-visibilite-flyers-affiches-et-creation-de-logos\/syndicat-des-transports\/'><img loading=\"lazy\" decoding=\"async\" width=\"300\" height=\"99\" src=\"https:\/\/www.ma-part-du-web.com\/agence-arras\/wp-content\/uploads\/2020\/07\/syndicat-des-transports-300x99.jpg\" class=\"attachment-medium size-medium\" alt=\"\" aria-describedby=\"gallery-1-224\" srcset=\"https:\/\/www.ma-part-du-web.com\/agence-arras\/wp-content\/uploads\/2020\/07\/syndicat-des-transports-300x99.jpg 300w, https:\/\/www.ma-part-du-web.com\/agence-arras\/wp-content\/uploads\/2020\/07\/syndicat-des-transports-1024x339.jpg 1024w, https:\/\/www.ma-part-du-web.com\/agence-arras\/wp-content\/uploads\/2020\/07\/syndicat-des-transports-768x254.jpg 768w, https:\/\/www.ma-part-du-web.com\/agence-arras\/wp-content\/uploads\/2020\/07\/syndicat-des-transports-1536x509.jpg 1536w, https:\/\/www.ma-part-du-web.com\/agence-arras\/wp-content\/uploads\/2020\/07\/syndicat-des-transports-e1596195321691.jpg 1000w\" sizes=\"(max-width: 300px) 100vw, 300px\" \/><\/a>\n\t\t\t<\/div>\n\t\t\t\t<figcaption class='wp-caption-text gallery-caption' id='gallery-1-224'>\n\t\t\t\tLogo cr\u00e9\u00e9 pour la CFDT des transports\n\t\t\t\t<\/figcaption><\/figure><figure class='gallery-item'>\n\t\t\t<div class='gallery-icon landscape'>\n\t\t\t\t<a href='https:\/\/www.ma-part-du-web.com\/agence-arras\/publicite-et-visibilite-flyers-affiches-et-creation-de-logos\/westmill\/'><img loading=\"lazy\" decoding=\"async\" width=\"300\" height=\"172\" src=\"https:\/\/www.ma-part-du-web.com\/agence-arras\/wp-content\/uploads\/2020\/07\/Westmill-300x172.jpg\" class=\"attachment-medium size-medium\" alt=\"\" aria-describedby=\"gallery-1-225\" srcset=\"https:\/\/www.ma-part-du-web.com\/agence-arras\/wp-content\/uploads\/2020\/07\/Westmill-300x172.jpg 300w, https:\/\/www.ma-part-du-web.com\/agence-arras\/wp-content\/uploads\/2020\/07\/Westmill-1024x587.jpg 1024w, https:\/\/www.ma-part-du-web.com\/agence-arras\/wp-content\/uploads\/2020\/07\/Westmill-768x440.jpg 768w, https:\/\/www.ma-part-du-web.com\/agence-arras\/wp-content\/uploads\/2020\/07\/Westmill-1536x881.jpg 1536w, https:\/\/www.ma-part-du-web.com\/agence-arras\/wp-content\/uploads\/2020\/07\/Westmill-2048x1174.jpg 2048w, https:\/\/www.ma-part-du-web.com\/agence-arras\/wp-content\/uploads\/2020\/07\/Westmill-e1596195333361.jpg 800w\" sizes=\"(max-width: 300px) 100vw, 300px\" \/><\/a>\n\t\t\t<\/div>\n\t\t\t\t<figcaption class='wp-caption-text gallery-caption' id='gallery-1-225'>\n\t\t\t\tLogo d&rsquo;un site de formation \u00e0 Paris.\n\t\t\t\t<\/figcaption><\/figure>\n\t\t<\/div>\n\n<h4><em>Quelques affiches, visuels, flyers, PLV :<\/em><\/h4>\n<div id='gallery-2' class='gallery galleryid-30 gallery-columns-3 gallery-size-thumbnail'><figure class='gallery-item'>\n\t\t\t<div class='gallery-icon landscape'>\n\t\t\t\t<a href='https:\/\/www.ma-part-du-web.com\/agence-arras\/publicite-et-visibilite-flyers-affiches-et-creation-de-logos\/4x3-metro-rer-a-paris\/'><img loading=\"lazy\" decoding=\"async\" width=\"150\" height=\"150\" src=\"https:\/\/www.ma-part-du-web.com\/agence-arras\/wp-content\/uploads\/2020\/07\/4x3-metro-RER-A-Paris-150x150.jpg\" class=\"attachment-thumbnail size-thumbnail\" alt=\"\" aria-describedby=\"gallery-2-228\" \/><\/a>\n\t\t\t<\/div>\n\t\t\t\t<figcaption class='wp-caption-text gallery-caption' id='gallery-2-228'>\n\t\t\t\tR\u00e9alisation d&rsquo;affiches publicitaires en 4&#215;3 pour le m\u00e9tro Parisien.\n\t\t\t\t<\/figcaption><\/figure><figure class='gallery-item'>\n\t\t\t<div class='gallery-icon landscape'>\n\t\t\t\t<a href='https:\/\/www.ma-part-du-web.com\/agence-arras\/publicite-et-visibilite-flyers-affiches-et-creation-de-logos\/affiche-4x3-etoile27-evreux\/'><img loading=\"lazy\" decoding=\"async\" width=\"150\" height=\"150\" src=\"https:\/\/www.ma-part-du-web.com\/agence-arras\/wp-content\/uploads\/2020\/07\/Affiche-4x3-etoile27-Evreux-150x150.jpg\" class=\"attachment-thumbnail size-thumbnail\" alt=\"\" aria-describedby=\"gallery-2-229\" \/><\/a>\n\t\t\t<\/div>\n\t\t\t\t<figcaption class='wp-caption-text gallery-caption' id='gallery-2-229'>\n\t\t\t\tCr\u00e9ation d&rsquo;affichage publicitaire 4&#215;3 resto Chinois en Normandie. \n\t\t\t\t<\/figcaption><\/figure><figure class='gallery-item'>\n\t\t\t<div class='gallery-icon landscape'>\n\t\t\t\t<a href='https:\/\/www.ma-part-du-web.com\/agence-arras\/publicite-et-visibilite-flyers-affiches-et-creation-de-logos\/affiche-4x3-gare-de-la-varenne\/'><img loading=\"lazy\" decoding=\"async\" width=\"150\" height=\"150\" src=\"https:\/\/www.ma-part-du-web.com\/agence-arras\/wp-content\/uploads\/2020\/07\/affiche-4x3-gare-de-la-varenne-150x150.jpg\" class=\"attachment-thumbnail size-thumbnail\" alt=\"\" aria-describedby=\"gallery-2-230\" \/><\/a>\n\t\t\t<\/div>\n\t\t\t\t<figcaption class='wp-caption-text gallery-caption' id='gallery-2-230'>\n\t\t\t\tCr\u00e9ation d&rsquo;affiches 4&#215;3 pour affichage Gares Parisiennes\n\t\t\t\t<\/figcaption><\/figure><figure class='gallery-item'>\n\t\t\t<div class='gallery-icon landscape'>\n\t\t\t\t<a href='https:\/\/www.ma-part-du-web.com\/agence-arras\/publicite-et-visibilite-flyers-affiches-et-creation-de-logos\/depliant-publicitaire-3-volets\/'><img loading=\"lazy\" decoding=\"async\" width=\"150\" height=\"150\" src=\"https:\/\/www.ma-part-du-web.com\/agence-arras\/wp-content\/uploads\/2020\/07\/depliant-publicitaire-3-volets-150x150.jpg\" class=\"attachment-thumbnail size-thumbnail\" alt=\"\" aria-describedby=\"gallery-2-231\" \/><\/a>\n\t\t\t<\/div>\n\t\t\t\t<figcaption class='wp-caption-text gallery-caption' id='gallery-2-231'>\n\t\t\t\tCr\u00e9ation de plaquettes 3 volets.\n\t\t\t\t<\/figcaption><\/figure><figure class='gallery-item'>\n\t\t\t<div class='gallery-icon landscape'>\n\t\t\t\t<a href='https:\/\/www.ma-part-du-web.com\/agence-arras\/publicite-et-visibilite-flyers-affiches-et-creation-de-logos\/flocage-pub-camionette-entreprise\/'><img loading=\"lazy\" decoding=\"async\" width=\"150\" height=\"150\" src=\"https:\/\/www.ma-part-du-web.com\/agence-arras\/wp-content\/uploads\/2020\/07\/flocage-pub-camionette-entreprise-150x150.jpg\" class=\"attachment-thumbnail size-thumbnail\" alt=\"\" aria-describedby=\"gallery-2-232\" \/><\/a>\n\t\t\t<\/div>\n\t\t\t\t<figcaption class='wp-caption-text gallery-caption' id='gallery-2-232'>\n\t\t\t\tCr\u00e9ation de visuels pour flocage de v\u00e9hicules \n\t\t\t\t<\/figcaption><\/figure><figure class='gallery-item'>\n\t\t\t<div class='gallery-icon portrait'>\n\t\t\t\t<a href='https:\/\/www.ma-part-du-web.com\/agence-arras\/publicite-et-visibilite-flyers-affiches-et-creation-de-logos\/flyers-douce-beaute-paris\/'><img loading=\"lazy\" decoding=\"async\" width=\"150\" height=\"150\" src=\"https:\/\/www.ma-part-du-web.com\/agence-arras\/wp-content\/uploads\/2020\/07\/flyers-douce-beaute-paris-150x150.png\" class=\"attachment-thumbnail size-thumbnail\" alt=\"\" aria-describedby=\"gallery-2-233\" \/><\/a>\n\t\t\t<\/div>\n\t\t\t\t<figcaption class='wp-caption-text gallery-caption' id='gallery-2-233'>\n\t\t\t\tAffichettes pour institut de beaut\u00e9 \u00e0 Paris\n\t\t\t\t<\/figcaption><\/figure><figure class='gallery-item'>\n\t\t\t<div class='gallery-icon portrait'>\n\t\t\t\t<a href='https:\/\/www.ma-part-du-web.com\/agence-arras\/publicite-et-visibilite-flyers-affiches-et-creation-de-logos\/offre-promotionnelle-affichettes\/'><img loading=\"lazy\" decoding=\"async\" width=\"150\" height=\"150\" src=\"https:\/\/www.ma-part-du-web.com\/agence-arras\/wp-content\/uploads\/2020\/07\/offre-promotionnelle-affichettes-150x150.jpg\" class=\"attachment-thumbnail size-thumbnail\" alt=\"\" aria-describedby=\"gallery-2-234\" \/><\/a>\n\t\t\t<\/div>\n\t\t\t\t<figcaption class='wp-caption-text gallery-caption' id='gallery-2-234'>\n\t\t\t\tCr\u00e9ation de Flyers pour distribution dans les commerces.\n\t\t\t\t<\/figcaption><\/figure><figure class='gallery-item'>\n\t\t\t<div class='gallery-icon portrait'>\n\t\t\t\t<a href='https:\/\/www.ma-part-du-web.com\/agence-arras\/publicite-et-visibilite-flyers-affiches-et-creation-de-logos\/pub-pour-soirees-d-entreprises\/'><img loading=\"lazy\" decoding=\"async\" width=\"150\" height=\"150\" src=\"https:\/\/www.ma-part-du-web.com\/agence-arras\/wp-content\/uploads\/2020\/07\/pub-pour-soirees-d-entreprises-150x150.png\" class=\"attachment-thumbnail size-thumbnail\" alt=\"\" aria-describedby=\"gallery-2-235\" \/><\/a>\n\t\t\t<\/div>\n\t\t\t\t<figcaption class='wp-caption-text gallery-caption' id='gallery-2-235'>\n\t\t\t\tCr\u00e9ation de visuels pour soir\u00e9es d&rsquo;entreprises.\n\t\t\t\t<\/figcaption><\/figure><figure class='gallery-item'>\n\t\t\t<div class='gallery-icon landscape'>\n\t\t\t\t<a href='https:\/\/www.ma-part-du-web.com\/agence-arras\/publicite-et-visibilite-flyers-affiches-et-creation-de-logos\/publicite-pour-media-journal-paris\/'><img loading=\"lazy\" decoding=\"async\" width=\"150\" height=\"150\" src=\"https:\/\/www.ma-part-du-web.com\/agence-arras\/wp-content\/uploads\/2020\/07\/publicite-pour-media-journal-Paris-150x150.jpg\" class=\"attachment-thumbnail size-thumbnail\" alt=\"\" aria-describedby=\"gallery-2-236\" \/><\/a>\n\t\t\t<\/div>\n\t\t\t\t<figcaption class='wp-caption-text gallery-caption' id='gallery-2-236'>\n\t\t\t\tCr\u00e9ations d&rsquo;encarts publicitaires pour la presse papier.\n\t\t\t\t<\/figcaption><\/figure><figure class='gallery-item'>\n\t\t\t<div class='gallery-icon landscape'>\n\t\t\t\t<a href='https:\/\/www.ma-part-du-web.com\/agence-arras\/publicite-et-visibilite-flyers-affiches-et-creation-de-logos\/remorque-kiddy-pub-pour-internet\/'><img loading=\"lazy\" decoding=\"async\" width=\"150\" height=\"150\" src=\"https:\/\/www.ma-part-du-web.com\/agence-arras\/wp-content\/uploads\/2020\/07\/remorque-kiddy-pub-pour-internet-150x150.jpg\" class=\"attachment-thumbnail size-thumbnail\" alt=\"\" aria-describedby=\"gallery-2-237\" \/><\/a>\n\t\t\t<\/div>\n\t\t\t\t<figcaption class='wp-caption-text gallery-caption' id='gallery-2-237'>\n\t\t\t\tCr\u00e9ation d&rsquo;une pub pour Google Adwords\n\t\t\t\t<\/figcaption><\/figure><figure class='gallery-item'>\n\t\t\t<div class='gallery-icon landscape'>\n\t\t\t\t<a href='https:\/\/www.ma-part-du-web.com\/agence-arras\/publicite-et-visibilite-flyers-affiches-et-creation-de-logos\/slim-belly-pub-pour-revue-feminine\/'><img loading=\"lazy\" decoding=\"async\" width=\"150\" height=\"150\" src=\"https:\/\/www.ma-part-du-web.com\/agence-arras\/wp-content\/uploads\/2020\/07\/slim-belly-pub-pour-revue-feminine-150x150.png\" class=\"attachment-thumbnail size-thumbnail\" alt=\"\" aria-describedby=\"gallery-2-238\" \/><\/a>\n\t\t\t<\/div>\n\t\t\t\t<figcaption class='wp-caption-text gallery-caption' id='gallery-2-238'>\n\t\t\t\tPublicit\u00e9 pour revue f\u00e9minine.\n\t\t\t\t<\/figcaption><\/figure><figure class='gallery-item'>\n\t\t\t<div class='gallery-icon portrait'>\n\t\t\t\t<a href='https:\/\/www.ma-part-du-web.com\/agence-arras\/publicite-et-visibilite-flyers-affiches-et-creation-de-logos\/totem-publicitaire\/'><img loading=\"lazy\" decoding=\"async\" width=\"150\" height=\"150\" src=\"https:\/\/www.ma-part-du-web.com\/agence-arras\/wp-content\/uploads\/2020\/07\/totem-publicitaire-150x150.png\" class=\"attachment-thumbnail size-thumbnail\" alt=\"\" aria-describedby=\"gallery-2-239\" \/><\/a>\n\t\t\t<\/div>\n\t\t\t\t<figcaption class='wp-caption-text gallery-caption' id='gallery-2-239'>\n\t\t\t\tCr\u00e9ation de totems publicitaires (affichage rue).\n\t\t\t\t<\/figcaption><\/figure>\n\t\t<\/div>\n\n<h4><strong>Quelques cr\u00e9ations de vid\u00e9os de pr\u00e9sentations d&rsquo;entreprises :<\/strong><\/h4>\n<p><iframe loading=\"lazy\" src=\"https:\/\/www.youtube.com\/embed\/CxFIo4ufxGs\" width=\"560\" height=\"315\" frameborder=\"0\" allowfullscreen=\"allowfullscreen\"><\/iframe><br \/>\n<iframe loading=\"lazy\" src=\"https:\/\/www.youtube.com\/embed\/-LeiiYnFw0Q\" width=\"560\" height=\"315\" frameborder=\"0\" allowfullscreen=\"allowfullscreen\"><\/iframe><br \/>\n<iframe loading=\"lazy\" src=\"https:\/\/www.youtube.com\/embed\/p0QrssAN8I4\" width=\"560\" height=\"315\" frameborder=\"0\" allowfullscreen=\"allowfullscreen\"><\/iframe><\/p>\n<div style=\"position: relative; padding-bottom: 56.25%; height: 0; overflow: hidden;\"><iframe loading=\"lazy\" style=\"width: 100%; height: 100%; position: absolute; left: 0px; top: 0px; overflow: hidden;\" src=\"https:\/\/www.dailymotion.com\/embed\/video\/x4kh5d1\" width=\"100%\" height=\"100%\" frameborder=\"0\" allowfullscreen=\"allowfullscreen\"> <\/iframe><\/div>\n","protected":false},"excerpt":{"rendered":"<p>Identit\u00e9s visuelles, logos, publicit\u00e9s : votre visibilit\u00e9 compte ! L&rsquo;identit\u00e9 visuelle prend diff\u00e9rentes formes. Elle commence par le petit logo qui figurera au coin de votre carte de visite, en passant par le flyer qui d\u00e9taillera votre activit\u00e9, vos offres, pour finir par l&rsquo;affiche 4&#215;3 pour les plus ambitieux d&rsquo;entre-vous. Sur le net comme sur [&hellip;]<\/p>\n","protected":false},"author":1,"featured_media":0,"parent":0,"menu_order":0,"comment_status":"closed","ping_status":"closed","template":"","meta":{"footnotes":""},"yoast_head":"<!-- This site is optimized with the Yoast SEO plugin v24.5 - https:\/\/yoast.com\/wordpress\/plugins\/seo\/ -->\n<title>Cr\u00e9ation de logo, flyers et publicit\u00e9 pour les entreprises<\/title>\n<meta name=\"description\" content=\"Une identit\u00e9 visuelle \u00e0 votre image est le moyen certain de vous d\u00e9marquer de la concurrence et d&#039;\u00eatre vu !\" \/>\n<meta name=\"robots\" content=\"index, follow, max-snippet:-1, max-image-preview:large, max-video-preview:-1\" \/>\n<link rel=\"canonical\" href=\"https:\/\/www.ma-part-du-web.com\/agence-arras\/publicite-et-visibilite-flyers-affiches-et-creation-de-logos\/\" \/>\n<meta property=\"og:locale\" content=\"fr_FR\" \/>\n<meta property=\"og:type\" content=\"article\" \/>\n<meta property=\"og:title\" content=\"Cr\u00e9ation de logo, flyers et publicit\u00e9 pour les entreprises\" \/>\n<meta property=\"og:description\" content=\"Une identit\u00e9 visuelle \u00e0 votre image est le moyen certain de vous d\u00e9marquer de la concurrence et d&#039;\u00eatre vu !\" \/>\n<meta property=\"og:url\" content=\"https:\/\/www.ma-part-du-web.com\/agence-arras\/publicite-et-visibilite-flyers-affiches-et-creation-de-logos\/\" \/>\n<meta property=\"og:site_name\" content=\"Ma Part du Web\" \/>\n<meta property=\"article:modified_time\" content=\"2024-07-10T07:02:31+00:00\" \/>\n<meta property=\"og:image\" content=\"https:\/\/www.ma-part-du-web.com\/agence-arras\/wp-content\/uploads\/2020\/07\/Art-en-Nord-1-300x248.png\" \/>\n<meta name=\"twitter:card\" content=\"summary_large_image\" \/>\n<meta name=\"twitter:label1\" content=\"Dur\u00e9e de lecture estim\u00e9e\" \/>\n\t<meta name=\"twitter:data1\" content=\"2 minutes\" \/>\n<script type=\"application\/ld+json\" class=\"yoast-schema-graph\">{\"@context\":\"https:\/\/schema.org\",\"@graph\":[{\"@type\":\"WebPage\",\"@id\":\"https:\/\/www.ma-part-du-web.com\/agence-arras\/publicite-et-visibilite-flyers-affiches-et-creation-de-logos\/\",\"url\":\"https:\/\/www.ma-part-du-web.com\/agence-arras\/publicite-et-visibilite-flyers-affiches-et-creation-de-logos\/\",\"name\":\"Cr\u00e9ation de logo, flyers et publicit\u00e9 pour les entreprises\",\"isPartOf\":{\"@id\":\"https:\/\/www.ma-part-du-web.com\/agence-arras\/#website\"},\"datePublished\":\"2020-07-27T10:45:11+00:00\",\"dateModified\":\"2024-07-10T07:02:31+00:00\",\"description\":\"Une identit\u00e9 visuelle \u00e0 votre image est le moyen certain de vous d\u00e9marquer de la concurrence et d'\u00eatre vu !\",\"breadcrumb\":{\"@id\":\"https:\/\/www.ma-part-du-web.com\/agence-arras\/publicite-et-visibilite-flyers-affiches-et-creation-de-logos\/#breadcrumb\"},\"inLanguage\":\"fr-FR\",\"potentialAction\":[{\"@type\":\"ReadAction\",\"target\":[\"https:\/\/www.ma-part-du-web.com\/agence-arras\/publicite-et-visibilite-flyers-affiches-et-creation-de-logos\/\"]}]},{\"@type\":\"BreadcrumbList\",\"@id\":\"https:\/\/www.ma-part-du-web.com\/agence-arras\/publicite-et-visibilite-flyers-affiches-et-creation-de-logos\/#breadcrumb\",\"itemListElement\":[{\"@type\":\"ListItem\",\"position\":1,\"name\":\"Accueil\",\"item\":\"https:\/\/www.ma-part-du-web.com\/agence-arras\/\"},{\"@type\":\"ListItem\",\"position\":2,\"name\":\"Publicit\u00e9 et visibilit\u00e9 : flyers, affiches et cr\u00e9ation de logos et vid\u00e9os d&#8217;entreprises\"}]},{\"@type\":\"WebSite\",\"@id\":\"https:\/\/www.ma-part-du-web.com\/agence-arras\/#website\",\"url\":\"https:\/\/www.ma-part-du-web.com\/agence-arras\/\",\"name\":\"Ma Part du Web\",\"description\":\"Sites web, visuels...\",\"publisher\":{\"@id\":\"https:\/\/www.ma-part-du-web.com\/agence-arras\/#organization\"},\"potentialAction\":[{\"@type\":\"SearchAction\",\"target\":{\"@type\":\"EntryPoint\",\"urlTemplate\":\"https:\/\/www.ma-part-du-web.com\/agence-arras\/?s={search_term_string}\"},\"query-input\":{\"@type\":\"PropertyValueSpecification\",\"valueRequired\":true,\"valueName\":\"search_term_string\"}}],\"inLanguage\":\"fr-FR\"},{\"@type\":\"Organization\",\"@id\":\"https:\/\/www.ma-part-du-web.com\/agence-arras\/#organization\",\"name\":\"Ma Part du Web\",\"url\":\"https:\/\/www.ma-part-du-web.com\/agence-arras\/\",\"logo\":{\"@type\":\"ImageObject\",\"inLanguage\":\"fr-FR\",\"@id\":\"https:\/\/www.ma-part-du-web.com\/agence-arras\/#\/schema\/logo\/image\/\",\"url\":\"https:\/\/www.ma-part-du-web.com\/agence-arras\/wp-content\/uploads\/2022\/10\/cropped-path4292-3.png\",\"contentUrl\":\"https:\/\/www.ma-part-du-web.com\/agence-arras\/wp-content\/uploads\/2022\/10\/cropped-path4292-3.png\",\"width\":200,\"height\":170,\"caption\":\"Ma Part du Web\"},\"image\":{\"@id\":\"https:\/\/www.ma-part-du-web.com\/agence-arras\/#\/schema\/logo\/image\/\"}}]}<\/script>\n<!-- \/ Yoast SEO plugin. -->","yoast_head_json":{"title":"Cr\u00e9ation de logo, flyers et publicit\u00e9 pour les entreprises","description":"Une identit\u00e9 visuelle \u00e0 votre image est le moyen certain de vous d\u00e9marquer de la concurrence et d'\u00eatre vu !","robots":{"index":"index","follow":"follow","max-snippet":"max-snippet:-1","max-image-preview":"max-image-preview:large","max-video-preview":"max-video-preview:-1"},"canonical":"https:\/\/www.ma-part-du-web.com\/agence-arras\/publicite-et-visibilite-flyers-affiches-et-creation-de-logos\/","og_locale":"fr_FR","og_type":"article","og_title":"Cr\u00e9ation de logo, flyers et publicit\u00e9 pour les entreprises","og_description":"Une identit\u00e9 visuelle \u00e0 votre image est le moyen certain de vous d\u00e9marquer de la concurrence et d'\u00eatre vu !","og_url":"https:\/\/www.ma-part-du-web.com\/agence-arras\/publicite-et-visibilite-flyers-affiches-et-creation-de-logos\/","og_site_name":"Ma Part du Web","article_modified_time":"2024-07-10T07:02:31+00:00","og_image":[{"url":"https:\/\/www.ma-part-du-web.com\/agence-arras\/wp-content\/uploads\/2020\/07\/Art-en-Nord-1-300x248.png","type":"","width":"","height":""}],"twitter_card":"summary_large_image","twitter_misc":{"Dur\u00e9e de lecture estim\u00e9e":"2 minutes"},"schema":{"@context":"https:\/\/schema.org","@graph":[{"@type":"WebPage","@id":"https:\/\/www.ma-part-du-web.com\/agence-arras\/publicite-et-visibilite-flyers-affiches-et-creation-de-logos\/","url":"https:\/\/www.ma-part-du-web.com\/agence-arras\/publicite-et-visibilite-flyers-affiches-et-creation-de-logos\/","name":"Cr\u00e9ation de logo, flyers et publicit\u00e9 pour les entreprises","isPartOf":{"@id":"https:\/\/www.ma-part-du-web.com\/agence-arras\/#website"},"datePublished":"2020-07-27T10:45:11+00:00","dateModified":"2024-07-10T07:02:31+00:00","description":"Une identit\u00e9 visuelle \u00e0 votre image est le moyen certain de vous d\u00e9marquer de la concurrence et d'\u00eatre vu !","breadcrumb":{"@id":"https:\/\/www.ma-part-du-web.com\/agence-arras\/publicite-et-visibilite-flyers-affiches-et-creation-de-logos\/#breadcrumb"},"inLanguage":"fr-FR","potentialAction":[{"@type":"ReadAction","target":["https:\/\/www.ma-part-du-web.com\/agence-arras\/publicite-et-visibilite-flyers-affiches-et-creation-de-logos\/"]}]},{"@type":"BreadcrumbList","@id":"https:\/\/www.ma-part-du-web.com\/agence-arras\/publicite-et-visibilite-flyers-affiches-et-creation-de-logos\/#breadcrumb","itemListElement":[{"@type":"ListItem","position":1,"name":"Accueil","item":"https:\/\/www.ma-part-du-web.com\/agence-arras\/"},{"@type":"ListItem","position":2,"name":"Publicit\u00e9 et visibilit\u00e9 : flyers, affiches et cr\u00e9ation de logos et vid\u00e9os d&#8217;entreprises"}]},{"@type":"WebSite","@id":"https:\/\/www.ma-part-du-web.com\/agence-arras\/#website","url":"https:\/\/www.ma-part-du-web.com\/agence-arras\/","name":"Ma Part du Web","description":"Sites web, visuels...","publisher":{"@id":"https:\/\/www.ma-part-du-web.com\/agence-arras\/#organization"},"potentialAction":[{"@type":"SearchAction","target":{"@type":"EntryPoint","urlTemplate":"https:\/\/www.ma-part-du-web.com\/agence-arras\/?s={search_term_string}"},"query-input":{"@type":"PropertyValueSpecification","valueRequired":true,"valueName":"search_term_string"}}],"inLanguage":"fr-FR"},{"@type":"Organization","@id":"https:\/\/www.ma-part-du-web.com\/agence-arras\/#organization","name":"Ma Part du Web","url":"https:\/\/www.ma-part-du-web.com\/agence-arras\/","logo":{"@type":"ImageObject","inLanguage":"fr-FR","@id":"https:\/\/www.ma-part-du-web.com\/agence-arras\/#\/schema\/logo\/image\/","url":"https:\/\/www.ma-part-du-web.com\/agence-arras\/wp-content\/uploads\/2022\/10\/cropped-path4292-3.png","contentUrl":"https:\/\/www.ma-part-du-web.com\/agence-arras\/wp-content\/uploads\/2022\/10\/cropped-path4292-3.png","width":200,"height":170,"caption":"Ma Part du Web"},"image":{"@id":"https:\/\/www.ma-part-du-web.com\/agence-arras\/#\/schema\/logo\/image\/"}}]}},"_links":{"self":[{"href":"https:\/\/www.ma-part-du-web.com\/agence-arras\/wp-json\/wp\/v2\/pages\/30"}],"collection":[{"href":"https:\/\/www.ma-part-du-web.com\/agence-arras\/wp-json\/wp\/v2\/pages"}],"about":[{"href":"https:\/\/www.ma-part-du-web.com\/agence-arras\/wp-json\/wp\/v2\/types\/page"}],"author":[{"embeddable":true,"href":"https:\/\/www.ma-part-du-web.com\/agence-arras\/wp-json\/wp\/v2\/users\/1"}],"replies":[{"embeddable":true,"href":"https:\/\/www.ma-part-du-web.com\/agence-arras\/wp-json\/wp\/v2\/comments?post=30"}],"version-history":[{"count":17,"href":"https:\/\/www.ma-part-du-web.com\/agence-arras\/wp-json\/wp\/v2\/pages\/30\/revisions"}],"predecessor-version":[{"id":354,"href":"https:\/\/www.ma-part-du-web.com\/agence-arras\/wp-json\/wp\/v2\/pages\/30\/revisions\/354"}],"wp:attachment":[{"href":"https:\/\/www.ma-part-du-web.com\/agence-arras\/wp-json\/wp\/v2\/media?parent=30"}],"curies":[{"name":"wp","href":"https:\/\/api.w.org\/{rel}","templated":true}]}}